{"id":167,"date":"2020-03-31T13:10:40","date_gmt":"2020-03-31T13:10:40","guid":{"rendered":"http:\/\/www.tourismcartoon.org\/?page_id=167"},"modified":"2025-08-15T08:10:59","modified_gmt":"2025-08-15T08:10:59","slug":"yarismanin-temasi","status":"publish","type":"page","link":"http:\/\/www.tourismcartoon.org\/fr\/simdiki-yarisma\/yarismanin-temasi\/","title":{"rendered":"Le Th\u00e8me du Concours"},"content":{"rendered":"<p><\/p>\n<p data-start=\"43\" data-end=\"178\"><span style=\"color: #993300;\"><strong><span style=\"font-size: 14pt;\">Th\u00e8me (2025) :<\/span><\/strong><\/span><br data-start=\"61\" data-end=\"64\" \/><span style=\"color: #0000ff; font-size: 14pt;\"><strong>\u00ab <a href=\"https:\/\/www.sanliurfa.bel.tr\/\" target=\"_blank\" rel=\"noopener\">\u015eanl\u0131urfa<\/a> : Un si\u00e8cle \u00e0 chaque pas, un secret \u00e0 chaque si\u00e8cle \u00bb<\/strong><\/span><\/p>\n<p data-start=\"180\" data-end=\"612\"><span style=\"font-size: 12pt;\"><a href=\"https:\/\/www.sanliurfa.bel.tr\/video-galeri#images-3\" target=\"_blank\" rel=\"noopener\"><strong>\u015eanl\u0131urfa<\/strong><\/a> est une ville situ\u00e9e dans <strong><a href=\"https:\/\/www.google.com\/maps\/place\/%C5%9Eanl%C4%B1urfa\/@37.167109,28.2789468,5z\/data=!4m6!3m5!1s0x153471ebdc619091:0x8e788516b709466c!8m2!3d37.1674039!4d38.7955149!16zL20vMDFwejZz?entry=ttu&amp;g_ep=EgoyMDI1MDczMC4wIKXMDSoASAFQAw%3D%3D\" target=\"_blank\" rel=\"noopener\">la r\u00e9gion du Sud-Est anatolien en Turquie<\/a><\/strong>, o\u00f9 chaque pas est charg\u00e9 d\u2019histoire et chaque rue cache une l\u00e9gende. Nich\u00e9e au c\u0153ur du Sud-Est, cette cit\u00e9 ancienne superpose les strates du temps, r\u00e9v\u00e9lant \u00e0 chaque \u00e9poque un nouveau visage \u00e0 ses visiteurs. Connue comme la \u00ab ville des proph\u00e8tes \u00bb, Urfa est depuis des si\u00e8cles un centre o\u00f9 la foi, la culture et la tol\u00e9rance se m\u00ealent harmonieusement.<\/span><\/p>\n<p data-start=\"614\" data-end=\"1175\"><span style=\"font-size: 12pt;\">En se promenant autour de <strong><a href=\"https:\/\/www.sanliurfa.bel.tr\/galeri\/37\/balikligol\" target=\"_blank\" rel=\"noopener\">Bal\u0131kl\u0131g\u00f6l<\/a>,<\/strong> lieu consid\u00e9r\u00e9 comme celui o\u00f9 le proph\u00e8te Abraham fut jet\u00e9 dans le feu, on touche non seulement la pierre, mais aussi les l\u00e9gendes, les pri\u00e8res et l\u2019espoir. Mais Urfa n\u2019est pas seulement une empreinte du pass\u00e9 : c\u2019est aussi un v\u00e9ritable mosa\u00efque culturel vivant et respirant. Dans ses <a href=\"https:\/\/www.sanliurfa.bel.tr\/galeri\/46\/sipahi-pazari\" target=\"_blank\" rel=\"noopener\"><strong>bazars<\/strong> <\/a>flottent les parfums des \u00e9pices, du cuir et du <a href=\"https:\/\/www.sanliurfa.bel.tr\/galeri\/45\/bakircilar-carsisi\" target=\"_blank\" rel=\"noopener\"><strong>cuivre<\/strong> <\/a>; lors des soir\u00e9es traditionnelles \u00ab <a href=\"https:\/\/www.sanliurfa.bel.tr\/video-galeri#images-6\" target=\"_blank\" rel=\"noopener\"><strong>S\u0131ra Gecesi<\/strong><\/a> \u00bb, r\u00e9sonnent le c\u00fcmb\u00fc\u015f et les chants hoyrat ; dans sa <a href=\"https:\/\/www.sanliurfa.bel.tr\/kategori\/631\/0\/urfa-mutfagi\" target=\"_blank\" rel=\"noopener\"><strong>cuisine<\/strong><\/a>, on savoure la force du piment isot et la saveur du foie grill\u00e9.<\/span><\/p>\n<p data-start=\"1177\" data-end=\"1711\"><span style=\"font-size: 12pt;\">\u00c0 l\u2019ombre de <a href=\"https:\/\/www.sanliurfa.bel.tr\/galeri\/40\/gobeklitepe\" target=\"_blank\" rel=\"noopener\"><strong>G\u00f6beklitepe<\/strong><\/a>, un temple qui a r\u00e9\u00e9crit l\u2019histoire de l\u2019humanit\u00e9, cette ville est \u00e0 la fois le berceau des premi\u00e8res civilisations et le t\u00e9moin de l\u2019\u00e9ternit\u00e9. Avec <a href=\"https:\/\/www.sanliurfa.bel.tr\/galeri\/42\/halfeti\" target=\"_blank\" rel=\"noopener\"><strong>Halfeti<\/strong><\/a>, la ville silencieuse submerg\u00e9e par les eaux, et <a href=\"https:\/\/www.sanliurfa.bel.tr\/galeri\/44\/harran\" target=\"_blank\" rel=\"noopener\"><strong>Harran,<\/strong><\/a> cit\u00e9 du savoir et de la foi, ces terres sont marqu\u00e9es par les traces laiss\u00e9es par chaque civilisation, et chaque trace cache une histoire. Urfa est \u00e0 la fois mystique et vivante ; silencieuse et pleine de m\u00e9lodies. Chaque saison offre une couleur diff\u00e9rente, chaque pas, une histoire nouvelle.<\/span><\/p>\n<p data-start=\"1713\" data-end=\"1878\"><span style=\"font-size: 12pt;\">Voil\u00e0 pourquoi \u00ab <strong>\u015eanl\u0131urfa : un si\u00e8cle \u00e0 chaque pas, un secret \u00e0 chaque si\u00e8cle<\/strong> \u00bb r\u00e9sonne si bien. Et sous tous ses visages, elle vous int\u00e8gre \u00e0 sa propre histoire.<\/span><\/p>\n<p data-start=\"1880\" data-end=\"1945\"><span style=\"font-size: 12pt;\"><strong data-start=\"1880\" data-end=\"1899\">Galerie vid\u00e9o :<\/strong><\/span><br data-start=\"1899\" data-end=\"1902\" \/><span style=\"font-size: 12pt;\"><a class=\"\" href=\"https:\/\/www.sanliurfa.bel.tr\/video-galeri\" target=\"_new\" rel=\"noopener\" data-start=\"1902\" data-end=\"1943\">https:\/\/www.sanliurfa.bel.tr\/video-galeri<\/a><\/span><\/p>\n<p data-start=\"1947\" data-end=\"2220\"><span style=\"font-size: 12pt;\"><strong data-start=\"1947\" data-end=\"1977\">Pour plus d\u2019informations :<\/strong><\/span><br data-start=\"1977\" data-end=\"1980\" \/><span style=\"font-size: 12pt;\"><a class=\"\" href=\"https:\/\/www.sanliurfa.bel.tr\/icerik\/68\/621\/sanliurfa-kultur-ve-turizmi\" target=\"_new\" rel=\"noopener\" data-start=\"1980\" data-end=\"2050\">https:\/\/www.sanliurfa.bel.tr\/icerik\/68\/621\/sanliurfa-kultur-ve-turizmi<\/a><\/span><br data-start=\"2050\" data-end=\"2053\" \/><span style=\"font-size: 12pt;\"><a class=\"\" href=\"https:\/\/www.sanliurfa.bel.tr\/kategori\/623\/0\/muzeler\" target=\"_new\" rel=\"noopener\" data-start=\"2053\" data-end=\"2104\">https:\/\/www.sanliurfa.bel.tr\/kategori\/623\/0\/muzeler<\/a><\/span><br data-start=\"2104\" data-end=\"2107\" \/><span style=\"font-size: 12pt;\"><a class=\"\" href=\"https:\/\/www.sanliurfa.bel.tr\/kategori\/624\/0\/gezilecek-yerler\" target=\"_new\" rel=\"noopener\" data-start=\"2107\" data-end=\"2167\">https:\/\/www.sanliurfa.bel.tr\/kategori\/624\/0\/gezilecek-yerler<\/a><\/span><br data-start=\"2167\" data-end=\"2170\" \/><span style=\"font-size: 12pt;\"><a class=\"\" href=\"https:\/\/turkiyeturizmansiklopedisi.com\/sanliurfa\" target=\"_new\" rel=\"noopener\" data-start=\"2170\" data-end=\"2218\">https:\/\/turkiyeturizmansiklopedisi.com\/sanliurfa<\/a><\/span><\/p>\n<hr data-start=\"2222\" data-end=\"2225\" \/>\n<h3 data-start=\"2227\" data-end=\"2278\"><span style=\"color: #0000ff; font-size: 12pt;\"><strong data-start=\"2231\" data-end=\"2276\">G\u00f6beklitepe : Le point z\u00e9ro de l\u2019histoire<\/strong><\/span><\/h3>\n<p data-start=\"2279\" data-end=\"2929\"><span style=\"font-size: 12pt;\">Situ\u00e9 \u00e0 15 km au nord-est de \u015eanl\u0131urfa, pr\u00e8s du village d\u2019\u00d6rencik, G\u00f6beklitepe a \u00e9t\u00e9 mis au jour en 1995 gr\u00e2ce aux fouilles dirig\u00e9es par le Prof. Dr Klaus Schmidt. Dat\u00e9 d\u2019environ 9600 av. J.-C., ce complexe monumental de temples est consid\u00e9r\u00e9 comme le plus ancien centre cultuel connu et a boulevers\u00e9 toutes les certitudes sur l\u2019histoire de l\u2019humanit\u00e9. Ses piliers en forme de \u00ab T \u00bb, orn\u00e9s de reliefs d\u2019animaux, t\u00e9moignent de l\u2019existence de syst\u00e8mes de croyance bien avant le d\u00e9but de l\u2019agriculture. Class\u00e9 au patrimoine mondial de l\u2019UNESCO, ce site sacr\u00e9 \u00e9claire non seulement le pass\u00e9 de \u015eanl\u0131urfa, mais aussi la m\u00e9moire collective de l\u2019humanit\u00e9.<\/span><\/p>\n<p data-start=\"2931\" data-end=\"3074\"><span style=\"font-size: 12pt;\">Pour plus d\u2019informations :<\/span><br data-start=\"2957\" data-end=\"2960\" \/><span style=\"font-size: 12pt;\"><a class=\"\" href=\"https:\/\/whc.unesco.org\/en\/list\/1572\/?utm_source=chatgpt.com\" target=\"_new\" rel=\"noopener\" data-start=\"2960\" data-end=\"3019\">https:\/\/whc.unesco.org\/en\/list\/1572\/?utm_source=chatgpt.com<\/a><\/span><br data-start=\"3019\" data-end=\"3022\" \/><span style=\"font-size: 12pt;\"><a class=\"\" href=\"https:\/\/turkiyeturizmansiklopedisi.com\/gobeklitepe\" target=\"_new\" rel=\"noopener\" data-start=\"3022\" data-end=\"3072\">https:\/\/turkiyeturizmansiklopedisi.com\/gobeklitepe<\/a><\/span><\/p>\n<hr data-start=\"3076\" data-end=\"3079\" \/>\n<h3 data-start=\"3081\" data-end=\"3134\"><span style=\"color: #0000ff; font-size: 12pt;\"><strong data-start=\"3085\" data-end=\"3132\">Bal\u0131kl\u0131g\u00f6l : Le t\u00e9moin silencieux de la foi<\/strong><\/span><\/h3>\n<p data-start=\"3135\" data-end=\"3757\"><span style=\"font-size: 12pt;\">Parmi les lieux embl\u00e9matiques d\u2019Urfa figure Bal\u0131kl\u0131g\u00f6l, sanctifi\u00e9 par la l\u00e9gende selon laquelle Abraham fut jet\u00e9 dans le feu par Nemrod, mais que Dieu transforma en eau, les b\u00fbches devenant poissons. Les carpes qui vivent dans le lac sont consid\u00e9r\u00e9es comme sacr\u00e9es, et leur p\u00eache est interdite. Dans la m\u00eame zone se trouvent la mosqu\u00e9e Halil-\u00fcr Rahman, la mosqu\u00e9e R\u0131zvaniye et la grotte o\u00f9, selon la tradition, Abraham serait n\u00e9. Bal\u0131kl\u0131g\u00f6l rev\u00eat une grande importance pour le monde islamique et le tourisme religieux, offrant aux visiteurs non seulement l\u2019histoire, mais aussi la pri\u00e8re, la s\u00e9r\u00e9nit\u00e9 et la spiritualit\u00e9.<\/span><\/p>\n<p data-start=\"3759\" data-end=\"3923\"><span style=\"font-size: 12pt;\">Pour plus d\u2019informations :<\/span><br data-start=\"3785\" data-end=\"3788\" \/><span style=\"font-size: 12pt;\"><a class=\"\" href=\"https:\/\/www.sanliurfa.bel.tr\/lang\/en\/icerik\/9\/7\/balikligol?utm_source=chatgpt.com\" target=\"_new\" rel=\"noopener\" data-start=\"3788\" data-end=\"3869\">https:\/\/www.sanliurfa.bel.tr\/lang\/en\/icerik\/9\/7\/balikligol?utm_source=chatgpt.com<\/a><\/span><br data-start=\"3869\" data-end=\"3872\" \/><span style=\"font-size: 12pt;\"><a class=\"\" href=\"https:\/\/turkiyeturizmansiklopedisi.com\/balikligol\" target=\"_new\" rel=\"noopener\" data-start=\"3872\" data-end=\"3921\">https:\/\/turkiyeturizmansiklopedisi.com\/balikligol<\/a><\/span><\/p>\n<hr data-start=\"3925\" data-end=\"3928\" \/>\n<h3 data-start=\"3930\" data-end=\"3979\"><span style=\"color: #0000ff; font-size: 12pt;\"><strong data-start=\"3934\" data-end=\"3977\">\u015eanl\u0131urfa, ville de musique de l\u2019UNESCO<\/strong><\/span><\/h3>\n<p data-start=\"3980\" data-end=\"4571\"><span style=\"font-size: 12pt;\">La \u00ab S\u0131ra Gecesi \u00bb (ou \u00ab soir\u00e9es S\u0131ra \u00bb), tradition propre \u00e0 la ville de \u015eanl\u0131urfa, est un rassemblement culturel o\u00f9 l\u2019on \u00e9change autour de la voix, de la musique et de la po\u00e9sie. Ces soir\u00e9es peuvent \u00eatre consid\u00e9r\u00e9es comme un tout m\u00ealant musique, convivialit\u00e9 et litt\u00e9rature. Elles sont des moments o\u00f9 les sages prennent la parole, o\u00f9 les apprentis s\u2019agenouillent pour \u00e9couter, o\u00f9 les po\u00e8mes s\u2019unissent aux m\u00e9lodies. L\u2019artiste le plus connu de cette tradition est Kazanc\u0131 Bedih. Le mot \u00ab S\u0131ra \u00bb vient du fait que ces rencontres se tenaient \u00e0 tour de r\u00f4le dans les maisons des participants.<\/span><\/p>\n<p data-start=\"4573\" data-end=\"4725\"><span style=\"font-size: 12pt;\">Pour plus d\u2019informations :<\/span><br data-start=\"4599\" data-end=\"4602\" \/><span style=\"font-size: 12pt;\"><a class=\"\" href=\"https:\/\/citiesofmusic.net\/city\/sanliurfa\" target=\"_new\" rel=\"noopener\" data-start=\"4602\" data-end=\"4642\">https:\/\/citiesofmusic.net\/city\/sanliurfa<\/a><\/span><br data-start=\"4642\" data-end=\"4645\" \/><span style=\"font-size: 12pt;\"><a class=\"\" href=\"https:\/\/www.musicurfa.com.tr\/\" target=\"_new\" rel=\"noopener\" data-start=\"4645\" data-end=\"4674\">https:\/\/www.musicurfa.com.tr\/<\/a><\/span><br data-start=\"4674\" data-end=\"4677\" \/><span style=\"font-size: 12pt;\"><a class=\"\" href=\"https:\/\/tr.wikipedia.org\/wiki\/S%C4%B1ra_gecesi\" target=\"_new\" rel=\"noopener\" data-start=\"4677\" data-end=\"4723\">https:\/\/tr.wikipedia.org\/wiki\/S%C4%B1ra_gecesi<\/a><\/span><\/p>\n<hr data-start=\"4727\" data-end=\"4730\" \/>\n<h3 data-start=\"4732\" data-end=\"4782\"><span style=\"color: #0000ff; font-size: 12pt;\"><strong data-start=\"4736\" data-end=\"4780\">Harran : La ville du savoir et de la foi<\/strong><\/span><\/h3>\n<p data-start=\"4783\" data-end=\"5419\"><span style=\"font-size: 12pt;\">Situ\u00e9e \u00e0 environ 44 km au sud-est d\u2019Urfa, Harran est une cit\u00e9 ancienne ayant connu l\u2019influence de nombreuses civilisations, telles que les Sum\u00e9riens, les Babyloniens, les Assyriens et les Omeyyades. Au centre de la plaine de Harran, cette ville se distingue par ses maisons \u00e0 d\u00f4mes coniques, uniques en leur genre. L\u2019une des premi\u00e8res universit\u00e9s du monde y fut fond\u00e9e, et des savants comme Sabit ibn Qurra, ayant contribu\u00e9 \u00e0 l\u2019histoire des sciences islamiques, y ont vu le jour. \u00c0 l\u2019\u00e9poque pa\u00efenne, un temple d\u00e9di\u00e9 au dieu-lune S\u00een s\u2019y trouvait \u00e9galement. Harran est un mus\u00e9e \u00e0 ciel ouvert qui transmet le savoir du pass\u00e9 au pr\u00e9sent.<\/span><\/p>\n<p data-start=\"5421\" data-end=\"5580\"><span style=\"font-size: 12pt;\">Pour plus d\u2019informations :<\/span><br data-start=\"5447\" data-end=\"5450\" \/><span style=\"font-size: 12pt;\"><a class=\"\" href=\"https:\/\/muze.gov.tr\/muze-detay?DistId=MRK&amp;SectionId=HAR01&amp;utm_source=chatgpt.com\" target=\"_new\" rel=\"noopener\" data-start=\"5450\" data-end=\"5530\">https:\/\/muze.gov.tr\/muze-detay?DistId=MRK&amp;SectionId=HAR01&amp;utm_source=chatgpt.com<\/a><\/span><br data-start=\"5530\" data-end=\"5533\" \/><span style=\"font-size: 12pt;\"><a class=\"\" href=\"https:\/\/turkiyeturizmansiklopedisi.com\/harran\" target=\"_new\" rel=\"noopener\" data-start=\"5533\" data-end=\"5578\">https:\/\/turkiyeturizmansiklopedisi.com\/harran<\/a><\/span><\/p>\n<hr data-start=\"5582\" data-end=\"5585\" \/>\n<h3 data-start=\"5587\" data-end=\"5637\"><span style=\"color: #0000ff; font-size: 12pt;\"><strong data-start=\"5591\" data-end=\"5635\">Halfeti : La ville silencieuse engloutie<\/strong><\/span><\/h3>\n<p data-start=\"5638\" data-end=\"6190\"><span style=\"font-size: 12pt;\">L\u2019Ancien Halfeti, submerg\u00e9 par les eaux du barrage de Birecik sur l\u2019Euphrate, est connu comme \u00ab la ville engloutie \u00bb avec ses maisons en pierre, ses mosqu\u00e9es et son minaret. Lors de balades en bateau, il est possible de voir les vestiges de cet ancien site. Le Nouveau Halfeti a \u00e9t\u00e9 d\u00e9plac\u00e9 sur la rive pour former une nouvelle zone habit\u00e9e. La beaut\u00e9 naturelle unique et l\u2019atmosph\u00e8re paisible de Halfeti donnent aux visiteurs l\u2019impression que le temps s\u2019y est arr\u00eat\u00e9. Les roses noires, qui ne poussent qu\u2019ici, conf\u00e8rent au lieu une aura myst\u00e9rieuse.<\/span><\/p>\n<p data-start=\"6192\" data-end=\"6324\"><span style=\"font-size: 12pt;\">Pour plus d\u2019informations :<\/span><br data-start=\"6218\" data-end=\"6221\" \/><span style=\"font-size: 12pt;\"><a class=\"\" href=\"https:\/\/goturkiye.com\/halfeti?utm_source=chatgpt.com\" target=\"_new\" rel=\"noopener\" data-start=\"6221\" data-end=\"6273\">https:\/\/goturkiye.com\/halfeti?utm_source=chatgpt.com<\/a><\/span><br data-start=\"6273\" data-end=\"6276\" \/><span style=\"font-size: 12pt;\"><a class=\"\" href=\"https:\/\/turkiyeturizmansiklopedisi.com\/halfeti\" target=\"_new\" rel=\"noopener\" data-start=\"6276\" data-end=\"6322\">https:\/\/turkiyeturizmansiklopedisi.com\/halfeti<\/a><\/span><\/p>\n<hr data-start=\"6326\" data-end=\"6329\" \/>\n<h3 data-start=\"6331\" data-end=\"6397\"><span style=\"color: #0000ff; font-size: 12pt;\"><strong data-start=\"6335\" data-end=\"6395\">La cuisine d\u2019Urfa : Quand la saveur rencontre la culture<\/strong><\/span><\/h3>\n<p data-start=\"6398\" data-end=\"7055\"><span style=\"font-size: 12pt;\">La cuisine de \u015eanl\u0131urfa est l\u2019interpr\u00e9tation anatolienne des saveurs ancestrales venues de M\u00e9sopotamie. Le plat le plus connu est le \u00ab \u00e7i\u011f k\u00f6fte \u00bb (boulettes crues de boulgour aux \u00e9pices). Mais on y trouve aussi le dolma au piment isot, la soupe lebeniye, le borani, la galette \u00ab a\u011fz\u0131 a\u00e7\u0131k \u00bb, le tirit, le katmer au pavot et, surtout, le kebab de foie grill\u00e9 au charbon. L\u2019utilisation des \u00e9pices est marqu\u00e9e, en particulier le piment d\u2019Urfa (isot), \u00e9l\u00e9ment caract\u00e9ristique de cette cuisine. Lors des soir\u00e9es S\u0131ra Gecesi, on partage ces saveurs au son de la musique. Cette cuisine est bien plus qu\u2019une tradition culinaire : c\u2019est un v\u00e9ritable art de vivre.<\/span><\/p>\n<p data-start=\"7057\" data-end=\"7167\"><span style=\"font-size: 12pt;\">Pour plus d\u2019informations :<\/span><br data-start=\"7083\" data-end=\"7086\" \/><span style=\"font-size: 12pt;\"><a class=\"\" href=\"https:\/\/www.sanliurfa.bel.tr\/kategori\/631\/0\/urfa-mutfagi?utm_source=chatgpt.com\" target=\"_new\" rel=\"noopener\" data-start=\"7086\" data-end=\"7165\">https:\/\/www.sanliurfa.bel.tr\/kategori\/631\/0\/urfa-mutfagi?utm_source=chatgpt.com<\/a><\/span><\/p>\n<hr data-start=\"7169\" data-end=\"7172\" \/>\n<h3 data-start=\"7174\" data-end=\"7215\"><span style=\"color: #0000ff; font-size: 12pt;\"><strong data-start=\"7178\" data-end=\"7213\">\u015eanl\u0131urfa : Une l\u00e9gende vivante<\/strong><\/span><\/h3>\n<p data-start=\"7216\" data-end=\"7535\"><span style=\"font-size: 12pt;\">\u015eanl\u0131urfa est l\u2019une des rares villes qui rassemblent histoire, nature, foi et culture. Le silence pr\u00e9historique de G\u00f6beklitepe, la sacralit\u00e9 de Bal\u0131kl\u0131g\u00f6l, la sagesse de Harran, la qui\u00e9tude de Halfeti et la richesse de la cuisine d\u2019Urfa font de cette ville un lieu qu\u2019il ne faut pas seulement visiter, mais ressentir.<\/span><\/p>\n<p data-start=\"7537\" data-end=\"7660\"><span style=\"color: #0000ff; font-size: 12pt;\"><strong data-start=\"7537\" data-end=\"7603\">\u015eanl\u0131urfa : Un si\u00e8cle \u00e0 chaque pas, un secret \u00e0 chaque si\u00e8cle.<\/strong><\/span><br data-start=\"7603\" data-end=\"7606\" \/><span style=\"font-size: 12pt;\">Et ce secret attend de vous int\u00e9grer \u00e0 son histoire.<\/span><\/p>\n<p data-start=\"7537\" data-end=\"7660\"><a href=\"https:\/\/www.google.com\/maps\/place\/%C5%9Eanl%C4%B1urfa\/@37.167109,17.7320725,4z\/data=!4m6!3m5!1s0x153471ebdc619091:0x8e788516b709466c!8m2!3d37.1674039!4d38.7955149!16zL20vMDFwejZz?entry=ttu&amp;g_ep=EgoyMDI1MDczMC4wIKXMDSoASAFQAw%3D%3D\" target=\"_blank\" rel=\"noopener\">Cliquez ici pour voir la situation g\u00e9ographique de \u015eanl\u0131urfa sur Google Maps.<\/a><\/p>\n<p><a href=\"http:\/\/www.tourismcartoon.org\/wp-content\/uploads\/2025\/08\/sanliurfa.jpg\"><img loading=\"lazy\" decoding=\"async\" class=\"aligncenter wp-image-4018 size-full\" src=\"http:\/\/www.tourismcartoon.org\/wp-content\/uploads\/2025\/08\/sanliurfa.jpg\" alt=\"\" width=\"1085\" height=\"688\" srcset=\"http:\/\/www.tourismcartoon.org\/wp-content\/uploads\/2025\/08\/sanliurfa.jpg 1085w, http:\/\/www.tourismcartoon.org\/wp-content\/uploads\/2025\/08\/sanliurfa-300x190.jpg 300w, http:\/\/www.tourismcartoon.org\/wp-content\/uploads\/2025\/08\/sanliurfa-1024x649.jpg 1024w, http:\/\/www.tourismcartoon.org\/wp-content\/uploads\/2025\/08\/sanliurfa-768x487.jpg 768w\" sizes=\"auto, (max-width: 1085px) 100vw, 1085px\" \/><\/a><\/p>\n<p>&nbsp;<\/p>","protected":false},"excerpt":{"rendered":"<p>Th\u00e8me (2025) :\u00ab \u015eanl\u0131urfa : Un si\u00e8cle \u00e0 chaque pas, un secret \u00e0 chaque si\u00e8cle \u00bb \u015eanl\u0131urfa est une ville situ\u00e9e dans la r\u00e9gion du Sud-Est anatolien en Turquie, o\u00f9 chaque pas est charg\u00e9 d\u2019histoire et chaque rue cache une l\u00e9gende. Nich\u00e9e au c\u0153ur du Sud-Est, cette cit\u00e9 ancienne superpose les strates du temps, r\u00e9v\u00e9lant&hellip;&nbsp;<a href=\"http:\/\/www.tourismcartoon.org\/fr\/simdiki-yarisma\/yarismanin-temasi\/\" class=\"\" rel=\"bookmark\">Lire la suite &raquo;<span class=\"screen-reader-text\">Le Th\u00e8me du Concours<\/span><\/a><\/p>\n","protected":false},"author":1,"featured_media":0,"parent":155,"menu_order":0,"comment_status":"closed","ping_status":"closed","template":"","meta":{"neve_meta_sidebar":"full-width","neve_meta_container":"","neve_meta_enable_content_width":"on","neve_meta_content_width":100,"neve_meta_title_alignment":"","neve_meta_author_avatar":"","neve_post_elements_order":"","neve_meta_disable_header":"","neve_meta_disable_footer":"","neve_meta_disable_title":"","footnotes":""},"class_list":["post-167","page","type-page","status-publish","hentry"],"_links":{"self":[{"href":"http:\/\/www.tourismcartoon.org\/fr\/wp-json\/wp\/v2\/pages\/167","targetHints":{"allow":["GET"]}}],"collection":[{"href":"http:\/\/www.tourismcartoon.org\/fr\/wp-json\/wp\/v2\/pages"}],"about":[{"href":"http:\/\/www.tourismcartoon.org\/fr\/wp-json\/wp\/v2\/types\/page"}],"author":[{"embeddable":true,"href":"http:\/\/www.tourismcartoon.org\/fr\/wp-json\/wp\/v2\/users\/1"}],"replies":[{"embeddable":true,"href":"http:\/\/www.tourismcartoon.org\/fr\/wp-json\/wp\/v2\/comments?post=167"}],"version-history":[{"count":236,"href":"http:\/\/www.tourismcartoon.org\/fr\/wp-json\/wp\/v2\/pages\/167\/revisions"}],"predecessor-version":[{"id":4078,"href":"http:\/\/www.tourismcartoon.org\/fr\/wp-json\/wp\/v2\/pages\/167\/revisions\/4078"}],"up":[{"embeddable":true,"href":"http:\/\/www.tourismcartoon.org\/fr\/wp-json\/wp\/v2\/pages\/155"}],"wp:attachment":[{"href":"http:\/\/www.tourismcartoon.org\/fr\/wp-json\/wp\/v2\/media?parent=167"}],"curies":[{"name":"wp","href":"https:\/\/api.w.org\/{rel}","templated":true}]}}